{"id":8659,"date":"2025-12-16T13:57:39","date_gmt":"2025-12-16T12:57:39","guid":{"rendered":"https:\/\/fondazione.irisceramicagroup.com\/fondazione\/semi-di-futuro\/"},"modified":"2026-02-12T11:40:55","modified_gmt":"2026-02-12T10:40:55","slug":"semi-di-futuro","status":"publish","type":"page","link":"https:\/\/fondazione.irisceramicagroup.com\/en\/fondazione\/semi-di-futuro\/","title":{"rendered":"Semi di Futuro"},"content":{"rendered":"\t\t<div data-elementor-type=\"wp-page\" data-elementor-id=\"8659\" class=\"elementor elementor-8659 elementor-7033\" data-elementor-post-type=\"page\">\n\t\t\t\t<div class=\"elementor-element elementor-element-26a210c3 e-con-full e-flex e-con e-parent\" data-id=\"26a210c3\" data-element_type=\"container\" data-e-type=\"container\" data-settings=\"{&quot;background_background&quot;:&quot;classic&quot;}\">\n\t\t<div class=\"elementor-element elementor-element-326469a e-flex e-con-boxed e-con e-child\" data-id=\"326469a\" data-element_type=\"container\" data-e-type=\"container\">\n\t\t\t\t\t<div class=\"e-con-inner\">\n\t\t\t\t<div class=\"elementor-element elementor-element-7fdfb7b elementor-widget elementor-widget-image\" data-id=\"7fdfb7b\" data-element_type=\"widget\" data-e-type=\"widget\" data-widget_type=\"image.default\">\n\t\t\t\t\t\t\t\t\t\t\t\t\t\t\t<img fetchpriority=\"high\" decoding=\"async\" width=\"800\" height=\"193\" src=\"https:\/\/fondazione.irisceramicagroup.com\/wp-content\/uploads\/2025\/12\/logo-semi-di-futuro-1920x463.png\" class=\"attachment-large size-large wp-image-7037\" alt=\"\" srcset=\"https:\/\/fondazione.irisceramicagroup.com\/wp-content\/uploads\/2025\/12\/logo-semi-di-futuro-1920x463.png 1920w, https:\/\/fondazione.irisceramicagroup.com\/wp-content\/uploads\/2025\/12\/logo-semi-di-futuro-1024x247.png 1024w, https:\/\/fondazione.irisceramicagroup.com\/wp-content\/uploads\/2025\/12\/logo-semi-di-futuro-768x185.png 768w, https:\/\/fondazione.irisceramicagroup.com\/wp-content\/uploads\/2025\/12\/logo-semi-di-futuro-1536x371.png 1536w, https:\/\/fondazione.irisceramicagroup.com\/wp-content\/uploads\/2025\/12\/logo-semi-di-futuro-2048x494.png 2048w\" sizes=\"(max-width: 800px) 100vw, 800px\" \/>\t\t\t\t\t\t\t\t\t\t\t\t\t\t\t<\/div>\n\t\t\t\t\t<\/div>\n\t\t\t\t<\/div>\n\t\t<div class=\"elementor-element elementor-element-15e9f0c e-flex e-con-boxed e-con e-child\" data-id=\"15e9f0c\" data-element_type=\"container\" data-e-type=\"container\">\n\t\t\t\t\t<div class=\"e-con-inner\">\n\t\t<div class=\"elementor-element elementor-element-e18ff93 e-con-full e-flex e-con e-child\" data-id=\"e18ff93\" data-element_type=\"container\" data-e-type=\"container\">\n\t\t\t\t<div class=\"elementor-element elementor-element-c6ee246 elementor-widget elementor-widget-heading\" data-id=\"c6ee246\" data-element_type=\"widget\" data-e-type=\"widget\" data-widget_type=\"heading.default\">\n\t\t\t\t\t<h2 class=\"elementor-heading-title elementor-size-default\">Sensibilizzare e coinvolgere le nuove generazioni in un progetto di cura del patrimonio ambientale. Coltivare e aiutare le foreste della Riserva di Biosfera a resistere agli effetti del cambiamento climatico per garantire alle generazioni presenti e future i benefici offerti dalla natura.<\/h2>\t\t\t\t<\/div>\n\t\t\t\t<div class=\"elementor-element elementor-element-62ca571 elementor-widget elementor-widget-text-editor\" data-id=\"62ca571\" data-element_type=\"widget\" data-e-type=\"widget\" data-widget_type=\"text-editor.default\">\n\t\t\t\t\t\t\t\t\t<p>Dalle foreste d\u2019Appennino ai vivai scolastici: un piccolo impegno per un grande futuro. Ogni vivaio, collocato in una zona accessibile e luminosa della scuola, diventa un \u201cluogo vivo\u201d, attorno al quale si costruiscono momenti educativi, scientifici e relazionali. Ciascuno \u00e8 dotato di sensori ambientali per il controllo di temperatura e umidit\u00e0, con l\u2019obiettivo di introdurre i bambini all\u2019uso consapevole delle tecnologie nella gestione sostenibile delle risorse.<\/p>\t\t\t\t\t\t\t\t<\/div>\n\t\t\t\t<\/div>\n\t\t<div class=\"elementor-element elementor-element-62f0cad e-con-full e-flex e-con e-child\" data-id=\"62f0cad\" data-element_type=\"container\" data-e-type=\"container\">\n\t\t\t\t<div class=\"elementor-element elementor-element-222ba85 elementor-widget elementor-widget-image\" data-id=\"222ba85\" data-element_type=\"widget\" data-e-type=\"widget\" data-widget_type=\"image.default\">\n\t\t\t\t\t\t\t\t\t\t\t\t\t\t\t<img decoding=\"async\" width=\"800\" height=\"448\" src=\"https:\/\/fondazione.irisceramicagroup.com\/wp-content\/uploads\/2025\/12\/img-header.png\" class=\"attachment-large size-large wp-image-7042\" alt=\"\" srcset=\"https:\/\/fondazione.irisceramicagroup.com\/wp-content\/uploads\/2025\/12\/img-header.png 1623w, https:\/\/fondazione.irisceramicagroup.com\/wp-content\/uploads\/2025\/12\/img-header-1024x573.png 1024w, https:\/\/fondazione.irisceramicagroup.com\/wp-content\/uploads\/2025\/12\/img-header-768x430.png 768w, https:\/\/fondazione.irisceramicagroup.com\/wp-content\/uploads\/2025\/12\/img-header-1536x859.png 1536w\" sizes=\"(max-width: 800px) 100vw, 800px\" \/>\t\t\t\t\t\t\t\t\t\t\t\t\t\t\t<\/div>\n\t\t\t\t<\/div>\n\t\t\t\t\t<\/div>\n\t\t\t\t<\/div>\n\t\t\t\t<\/div>\n\t\t<div class=\"elementor-element elementor-element-4a4e88a e-con-full e-flex e-con e-parent\" data-id=\"4a4e88a\" data-element_type=\"container\" data-e-type=\"container\" data-settings=\"{&quot;background_background&quot;:&quot;classic&quot;}\">\n\t\t\t\t<div class=\"elementor-element elementor-element-480c7bf elementor-blockquote--skin-quotation elementor-blockquote--align-center elementor-widget elementor-widget-blockquote\" data-id=\"480c7bf\" data-element_type=\"widget\" data-e-type=\"widget\" data-widget_type=\"blockquote.default\">\n\t\t\t\t\t\t\t<blockquote class=\"elementor-blockquote\">\n\t\t\t<p class=\"elementor-blockquote__content\">\n\t\t\t\tIl momento migliore per piantare un albero era vent\u2019anni fa.<br>\nIl secondo momento migliore \u00e8 adesso.\t\t\t<\/p>\n\t\t\t\t\t\t\t<div class=\"e-q-footer\">\n\t\t\t\t\t\t\t\t\t\t\t<cite class=\"elementor-blockquote__author\">\u2014 Confucio \u2014<\/cite>\n\t\t\t\t\t\t\t\t\t\t\t\t\t\t<\/div>\n\t\t\t\t\t<\/blockquote>\n\t\t\t\t\t\t<\/div>\n\t\t\t\t<\/div>\n\t\t<div class=\"elementor-element elementor-element-0fcdd32 e-flex e-con-boxed e-con e-parent\" data-id=\"0fcdd32\" data-element_type=\"container\" data-e-type=\"container\">\n\t\t\t\t\t<div class=\"e-con-inner\">\n\t\t<div class=\"elementor-element elementor-element-a14a24f e-con-full e-flex e-con e-child\" data-id=\"a14a24f\" data-element_type=\"container\" data-e-type=\"container\" data-settings=\"{&quot;background_background&quot;:&quot;classic&quot;}\">\n\t\t\t\t<\/div>\n\t\t<div class=\"elementor-element elementor-element-8e8e304 e-con-full e-flex e-con e-child\" data-id=\"8e8e304\" data-element_type=\"container\" data-e-type=\"container\" data-settings=\"{&quot;background_background&quot;:&quot;classic&quot;}\">\n\t\t\t\t<div class=\"elementor-element elementor-element-8d553d0 elementor-widget elementor-widget-text-editor\" data-id=\"8d553d0\" data-element_type=\"widget\" data-e-type=\"widget\" data-widget_type=\"text-editor.default\">\n\t\t\t\t\t\t\t\t\t<p>Attualmente, il progetto coinvolge direttamente 10 scuole primarie appartenenti ai Comuni di Castellarano, Castelnuovo Rangone, Fiorano Modenese, Formigine, Maranello e Sassuolo. In queste scuole partecipano 30 classi, per un totale di circa 690 alunni, accompagnati dai rispettivi insegnanti e dirigenti scolastici. Indirettamente sono coinvolte anche le famiglie, che vengono continuamente aggiornate sullo sviluppo del progetto e potranno diventare in futuro parte attiva dello stesso.<\/p><p>Ogni classe ha la possibilit\u00e0 di partecipare a <strong>due incontri formativi e ad una uscita nel territorio della Riserva di Biosfera Appennino Tosco-Emiliano<\/strong>, durante i quali i bambini e le bambine possono imparare a riconoscere i benefici che le foreste forniscono a vantaggio delle singole persone e della collettivit\u00e0, valorizzare l\u2019importanza del patrimonio arboreo per minimizzare gli impatti, mitigando il cambiamento climatico in pianura e far crescere il patrimonio forestale in montagna e stimolare il <strong>concetto di \u00abprendersi cura\u00bb delle foreste, contribuendo a diffondere una cultura della sostenibilit\u00e0<\/strong>.<\/p>\t\t\t\t\t\t\t\t<\/div>\n\t\t\t\t<\/div>\n\t\t\t\t\t<\/div>\n\t\t\t\t<\/div>\n\t\t<div class=\"elementor-element elementor-element-e0118d3 e-flex e-con-boxed e-con e-parent\" data-id=\"e0118d3\" data-element_type=\"container\" data-e-type=\"container\">\n\t\t\t\t\t<div class=\"e-con-inner\">\n\t\t<div class=\"elementor-element elementor-element-e9442fd e-con-full e-flex e-con e-child\" data-id=\"e9442fd\" data-element_type=\"container\" data-e-type=\"container\">\n\t\t\t\t<\/div>\n\t\t<div class=\"elementor-element elementor-element-bd5653a e-con-full e-flex e-con e-child\" data-id=\"bd5653a\" data-element_type=\"container\" data-e-type=\"container\">\n\t\t\t\t<div class=\"elementor-element elementor-element-3bc833a elementor-widget elementor-widget-heading\" data-id=\"3bc833a\" data-element_type=\"widget\" data-e-type=\"widget\" data-widget_type=\"heading.default\">\n\t\t\t\t\t<h2 class=\"elementor-heading-title elementor-size-default\">I soggetti coinvolti<\/h2>\t\t\t\t<\/div>\n\t\t\t\t<div class=\"elementor-element elementor-element-4e17589 elementor-widget elementor-widget-text-editor\" data-id=\"4e17589\" data-element_type=\"widget\" data-e-type=\"widget\" data-widget_type=\"text-editor.default\">\n\t\t\t\t\t\t\t\t\t<p>Semi di Futuro \u00e8 un progetto fortemente radicato nel territorio, che si fonda su una rete collaborativa ampia e articolata. Il coinvolgimento diretto di molteplici attori locali \u00e8 essenziale per garantirne la riuscita e per diffondere, in modo concreto e capillare, la cultura della sostenibilit\u00e0.<\/p><p>Gli istituti scolastici non sono solo beneficiari del progetto, ma veri e propri partner educativi: ospitano i microvivai, coordinano le attivit\u00e0 didattiche e facilitano il dialogo con famiglie e territorio.<\/p><p>Gli insegnanti svolgono un ruolo strategico. Sono coinvolti in incontri di formazione e collaborano attivamente con gli educatori ambientali durante i laboratori in aula. Un elemento distintivo del progetto \u00e8 l\u2019organizzazione diffusa e partecipata della gestione dei microvivai.<\/p>\t\t\t\t\t\t\t\t<\/div>\n\t\t\t\t<\/div>\n\t\t<div class=\"elementor-element elementor-element-9f31166 e-con-full e-flex e-con e-child\" data-id=\"9f31166\" data-element_type=\"container\" data-e-type=\"container\">\n\t\t\t\t<div class=\"elementor-element elementor-element-f7ede45 elementor-widget elementor-widget-image\" data-id=\"f7ede45\" data-element_type=\"widget\" data-e-type=\"widget\" data-widget_type=\"image.default\">\n\t\t\t\t\t\t\t\t\t\t\t\t\t\t\t<img decoding=\"async\" width=\"800\" height=\"512\" src=\"https:\/\/fondazione.irisceramicagroup.com\/wp-content\/uploads\/2025\/12\/img-2.jpg\" class=\"attachment-large size-large wp-image-7055\" alt=\"\" srcset=\"https:\/\/fondazione.irisceramicagroup.com\/wp-content\/uploads\/2025\/12\/img-2.jpg 1778w, https:\/\/fondazione.irisceramicagroup.com\/wp-content\/uploads\/2025\/12\/img-2-1024x655.jpg 1024w, https:\/\/fondazione.irisceramicagroup.com\/wp-content\/uploads\/2025\/12\/img-2-768x492.jpg 768w, https:\/\/fondazione.irisceramicagroup.com\/wp-content\/uploads\/2025\/12\/img-2-1536x983.jpg 1536w\" sizes=\"(max-width: 800px) 100vw, 800px\" \/>\t\t\t\t\t\t\t\t\t\t\t\t\t\t\t<\/div>\n\t\t\t\t<\/div>\n\t\t\t\t\t<\/div>\n\t\t\t\t<\/div>\n\t\t<div class=\"elementor-element elementor-element-d715c6f e-flex e-con-boxed e-con e-parent\" data-id=\"d715c6f\" data-element_type=\"container\" data-e-type=\"container\">\n\t\t\t\t\t<div class=\"e-con-inner\">\n\t\t<div class=\"elementor-element elementor-element-a5e5583 e-con-full e-flex e-con e-child\" data-id=\"a5e5583\" data-element_type=\"container\" data-e-type=\"container\">\n\t\t\t\t<div class=\"elementor-element elementor-element-58dc0d6 elementor-widget elementor-widget-image\" data-id=\"58dc0d6\" data-element_type=\"widget\" data-e-type=\"widget\" data-widget_type=\"image.default\">\n\t\t\t\t\t\t\t\t\t\t\t\t\t\t\t<img loading=\"lazy\" decoding=\"async\" width=\"1024\" height=\"796\" src=\"https:\/\/fondazione.irisceramicagroup.com\/wp-content\/uploads\/2025\/12\/img-3-1024x796.jpg\" class=\"attachment-medium size-medium wp-image-7072\" alt=\"\" srcset=\"https:\/\/fondazione.irisceramicagroup.com\/wp-content\/uploads\/2025\/12\/img-3-1024x796.jpg 1024w, https:\/\/fondazione.irisceramicagroup.com\/wp-content\/uploads\/2025\/12\/img-3-768x597.jpg 768w, https:\/\/fondazione.irisceramicagroup.com\/wp-content\/uploads\/2025\/12\/img-3-1536x1194.jpg 1536w, https:\/\/fondazione.irisceramicagroup.com\/wp-content\/uploads\/2025\/12\/img-3.jpg 1662w\" sizes=\"(max-width: 1024px) 100vw, 1024px\" \/>\t\t\t\t\t\t\t\t\t\t\t\t\t\t\t<\/div>\n\t\t\t\t<\/div>\n\t\t<div class=\"elementor-element elementor-element-24a1d6a e-con-full e-flex e-con e-child\" data-id=\"24a1d6a\" data-element_type=\"container\" data-e-type=\"container\">\n\t\t\t\t<div class=\"elementor-element elementor-element-8c6ac83 elementor-widget elementor-widget-text-editor\" data-id=\"8c6ac83\" data-element_type=\"widget\" data-e-type=\"widget\" data-widget_type=\"text-editor.default\">\n\t\t\t\t\t\t\t\t\t<p>Ogni\u00a0<strong>tavolo-vivaio<\/strong>, denominato\u00a0<em><strong>\u201cGrow\u201d,\u00a0<\/strong><\/em>viene collocato in una zona accessibile e luminosa della scuola e diventa un \u201cluogo vivo\u201d, attorno al quale si costruiscono\u00a0<strong>momenti educativi, scientifici e relazionali<\/strong>. Essi sono dotati di sensori ambientali per il controllo di temperatura e umidit\u00e0, con l\u2019obiettivo di introdurre i bambini all\u2019<strong>uso consapevole delle tecnologie nella gestione sostenibile delle risorse.<\/strong><\/p><p>La manutenzione delle piantine (innaffiature, controlli, registrazione delle osservazioni) \u00e8 affidata a una rotazione settimanale di studenti e classi, promuovendo il senso di responsabilit\u00e0 individuale e collettiva.<\/p><p>Semi di Futuro \u00e8 pensato come un modello replicabile: l\u2019obiettivo per i prossimi anni \u00e8 ampliare la rete delle scuole aderenti, favorire la disseminazione delle buone pratiche gi\u00e0 attivate e promuovere una cultura della sostenibilit\u00e0 radicata nel fare, nella cura e nella relazione con il territorio.<\/p>\t\t\t\t\t\t\t\t<\/div>\n\t\t\t\t<\/div>\n\t\t\t\t\t<\/div>\n\t\t\t\t<\/div>\n\t\t<div class=\"elementor-element elementor-element-37beb73 e-con-full e-flex e-con e-parent\" data-id=\"37beb73\" data-element_type=\"container\" data-e-type=\"container\" data-settings=\"{&quot;background_background&quot;:&quot;classic&quot;}\">\n\t\t<div class=\"elementor-element elementor-element-043560e e-flex e-con-boxed e-con e-child\" data-id=\"043560e\" data-element_type=\"container\" data-e-type=\"container\">\n\t\t\t\t\t<div class=\"e-con-inner\">\n\t\t<div class=\"elementor-element elementor-element-8fe1f85 e-con-full e-flex e-con e-child\" data-id=\"8fe1f85\" data-element_type=\"container\" data-e-type=\"container\">\n\t\t\t\t<div class=\"elementor-element elementor-element-25eeb9f elementor-widget elementor-widget-heading\" data-id=\"25eeb9f\" data-element_type=\"widget\" data-e-type=\"widget\" data-widget_type=\"heading.default\">\n\t\t\t\t\t<h2 class=\"elementor-heading-title elementor-size-default\">Il progetto \u00e8 reso possibile<br>\ngrazie alla collaborazione tra tre attori principali<\/h2>\t\t\t\t<\/div>\n\t\t\t\t<\/div>\n\t\t\t\t\t<\/div>\n\t\t\t\t<\/div>\n\t\t<div class=\"elementor-element elementor-element-db73b6a e-flex e-con-boxed e-con e-child\" data-id=\"db73b6a\" data-element_type=\"container\" data-e-type=\"container\">\n\t\t\t\t\t<div class=\"e-con-inner\">\n\t\t<div class=\"elementor-element elementor-element-b9aa6fc e-con-full e-flex e-con e-child\" data-id=\"b9aa6fc\" data-element_type=\"container\" data-e-type=\"container\">\n\t\t\t\t<div class=\"elementor-element elementor-element-7093c82 elementor-widget elementor-widget-image\" data-id=\"7093c82\" data-element_type=\"widget\" data-e-type=\"widget\" data-widget_type=\"image.default\">\n\t\t\t\t\t\t\t\t\t\t\t\t\t\t\t<img loading=\"lazy\" decoding=\"async\" width=\"1\" height=\"1\" src=\"https:\/\/fondazione.irisceramicagroup.com\/wp-content\/uploads\/2025\/12\/logo-fondazione-pres.svg\" class=\"attachment-large size-large wp-image-7077\" alt=\"\" \/>\t\t\t\t\t\t\t\t\t\t\t\t\t\t\t<\/div>\n\t\t\t\t<div class=\"elementor-element elementor-element-4d65e70 elementor-widget elementor-widget-text-editor\" data-id=\"4d65e70\" data-element_type=\"widget\" data-e-type=\"widget\" data-widget_type=\"text-editor.default\">\n\t\t\t\t\t\t\t\t\t<p>L\u2019impegno di\u00a0Iris Ceramica Group per un futuro migliore inizia gi\u00e0 dai primi anni \u201970, quando\u00a0l\u2019equazione \u201c<strong>Economia=Ecologia<\/strong>\u201d viene affissa lungo le linee produttive delle fabbriche, rimanendo ancora oggi la sintesi che ricorda a tutti che il rispetto della natura \u00e8 un punto di riferimento irrinunciabile.<br \/>\u00a0Eredit\u00e0 di quel messaggio e della responsabilit\u00e0 nei confronti di ambiente e territorio, nel 2019 nasce la\u00a0<a href=\"https:\/\/fondazione.irisceramicagroup.it\/\"><u>Fondazione Iris Ceramica Group<\/u><\/a>.\u00a0Ente no profit\u00a0che individua nella sostenibilit\u00e0 e nella solidariet\u00e0 i valori cui indirizzare l\u2019impegno per la costruzione di un futuro possibile, sicuro e inclusivo, la Fondazione\u00a0\u00e8 espressione e fonte di ispirazione del\u00a0Codice Etico e valoriale condiviso da tutti i Brand del Gruppo.<br \/>\u00a0L\u2019impegno costante\u00a0della Fondazione per un futuro migliore\u00a0si concretizza\u00a0attraverso iniziative di integrazione sociale, di promozione culturale e di protezione ambientale. Semi di Futuro rappresenta per la Fondazione un progetto simbolico, che unisce azione concreta, educazione e coinvolgimento territoriale, in linea con la visione di un futuro sostenibile per le comunit\u00e0 e per il Pianeta.<\/p>\t\t\t\t\t\t\t\t<\/div>\n\t\t\t\t<\/div>\n\t\t<div class=\"elementor-element elementor-element-152f785 e-con-full e-flex e-con e-child\" data-id=\"152f785\" data-element_type=\"container\" data-e-type=\"container\">\n\t\t\t\t<div class=\"elementor-element elementor-element-b8446fc elementor-widget elementor-widget-image\" data-id=\"b8446fc\" data-element_type=\"widget\" data-e-type=\"widget\" data-widget_type=\"image.default\">\n\t\t\t\t\t\t\t\t\t\t\t\t\t\t\t<img loading=\"lazy\" decoding=\"async\" width=\"514\" height=\"200\" src=\"https:\/\/fondazione.irisceramicagroup.com\/wp-content\/uploads\/2025\/12\/logo-unesco.png\" class=\"attachment-thumbnail size-thumbnail wp-image-7079\" alt=\"\" \/>\t\t\t\t\t\t\t\t\t\t\t\t\t\t\t<\/div>\n\t\t\t\t<div class=\"elementor-element elementor-element-01de5b5 elementor-widget elementor-widget-text-editor\" data-id=\"01de5b5\" data-element_type=\"widget\" data-e-type=\"widget\" data-widget_type=\"text-editor.default\">\n\t\t\t\t\t\t\t\t\t<p>Il Parco Nazionale dell\u2019Appennino Tosco-Emiliano \u00e8 l\u2019ente ideatore del progetto. Dal 2015, il territorio del Parco \u00e8 riconosciuto come Riserva di Biosfera UNESCO nell\u2019ambito del programma \u201cMan and the Biosphere\u201d (MAB). Questa designazione riflette l\u2019alto valore ecologico e culturale dell\u2019area, che si estende su 80 comuni e quasi 500.000 ettari. Il Parco promuove una gestione integrata del territorio che coniuga la tutela degli ecosistemi e della biodiversit\u00e0 con uno sviluppo sostenibile a beneficio delle comunit\u00e0 locali. Con Semi di Futuro, il Parco contribuisce alla sensibilizzazione delle nuove generazioni sulle sfide climatiche e sull\u2019importanza di una gestione responsabile delle risorse naturali.<\/p>\t\t\t\t\t\t\t\t<\/div>\n\t\t\t\t<\/div>\n\t\t<div class=\"elementor-element elementor-element-d5a830d e-con-full e-flex e-con e-child\" data-id=\"d5a830d\" data-element_type=\"container\" data-e-type=\"container\">\n\t\t\t\t<div class=\"elementor-element elementor-element-9d59a69 elementor-widget elementor-widget-image\" data-id=\"9d59a69\" data-element_type=\"widget\" data-e-type=\"widget\" data-widget_type=\"image.default\">\n\t\t\t\t\t\t\t\t\t\t\t\t\t\t\t<img loading=\"lazy\" decoding=\"async\" width=\"394\" height=\"281\" src=\"https:\/\/fondazione.irisceramicagroup.com\/wp-content\/uploads\/2025\/12\/logo-la-lumaca.png\" class=\"attachment-thumbnail size-thumbnail wp-image-7081\" alt=\"\" \/>\t\t\t\t\t\t\t\t\t\t\t\t\t\t\t<\/div>\n\t\t\t\t<div class=\"elementor-element elementor-element-55287c3 elementor-widget elementor-widget-text-editor\" data-id=\"55287c3\" data-element_type=\"widget\" data-e-type=\"widget\" data-widget_type=\"text-editor.default\">\n\t\t\t\t\t\t\t\t\t<p>L\u2019impegno di\u00a0Iris Ceramica Group per un futuro migliore inizia gi\u00e0 dai primi anni \u201970, quando\u00a0l\u2019equazione \u201c<strong>Economia=Ecologia<\/strong>\u201d viene affissa lungo le linee produttive delle fabbriche, rimanendo ancora oggi la sintesi che ricorda a tutti che il rispetto della natura \u00e8 un punto di riferimento irrinunciabile.<br \/>\u00a0Eredit\u00e0 di quel messaggio e della responsabilit\u00e0 nei confronti di ambiente e territorio, nel 2019 nasce la\u00a0<a href=\"https:\/\/fondazione.irisceramicagroup.it\/\"><u>Fondazione Iris Ceramica Group<\/u><\/a>.\u00a0Ente no profit\u00a0che individua nella sostenibilit\u00e0 e nella solidariet\u00e0 i valori cui indirizzare l\u2019impegno per la costruzione di un futuro possibile, sicuro e inclusivo, la Fondazione\u00a0\u00e8 espressione e fonte di ispirazione del\u00a0Codice Etico e valoriale condiviso da tutti i Brand del Gruppo.<br \/>\u00a0L\u2019impegno costante\u00a0della Fondazione per un futuro migliore\u00a0si concretizza\u00a0attraverso iniziative di integrazione sociale, di promozione culturale e di protezione ambientale. Semi di Futuro rappresenta per la Fondazione un progetto simbolico, che unisce azione concreta, educazione e coinvolgimento territoriale, in linea con la visione di un futuro sostenibile per le comunit\u00e0 e per il Pianeta.<\/p>\t\t\t\t\t\t\t\t<\/div>\n\t\t\t\t<\/div>\n\t\t\t\t\t<\/div>\n\t\t\t\t<\/div>\n\t\t\t\t<\/div>\n\t\t<div class=\"elementor-element elementor-element-b4776a4 e-flex e-con-boxed e-con e-parent\" data-id=\"b4776a4\" data-element_type=\"container\" data-e-type=\"container\">\n\t\t\t\t\t<div class=\"e-con-inner\">\n\t\t\t\t<div class=\"elementor-element elementor-element-9a177fd elementor-widget elementor-widget-heading\" data-id=\"9a177fd\" data-element_type=\"widget\" data-e-type=\"widget\" data-widget_type=\"heading.default\">\n\t\t\t\t\t<h2 class=\"elementor-heading-title elementor-size-default\">Ultimi aggiornamenti<\/h2>\t\t\t\t<\/div>\n\t\t\t\t<div class=\"elementor-element elementor-element-2b5b7a9 elementor-widget elementor-widget-ucaddon_post_list\" data-id=\"2b5b7a9\" data-element_type=\"widget\" data-e-type=\"widget\" data-widget_type=\"ucaddon_post_list.default\">\n\t\t\t\t<div class=\"elementor-widget-container\">\n\t\t\t\t\t\n<!-- start Post List -->\n\t\t<link id='font-awesome-css' href='https:\/\/fondazione.irisceramicagroup.com\/wp-content\/plugins\/unlimited-elements-for-elementor-premium\/assets_libraries\/font-awesome6\/fontawesome-all.min.css' type='text\/css' rel='stylesheet' >\n\t\t<link id='font-awesome-4-shim-css' href='https:\/\/fondazione.irisceramicagroup.com\/wp-content\/plugins\/unlimited-elements-for-elementor-premium\/assets_libraries\/font-awesome6\/fontawesome-v4-shims.min.css' type='text\/css' rel='stylesheet' >\n\n<style>\/* widget: Post List *\/\n\n\n\n#uc_post_list_elementor_2b5b7a9{\n  display:grid;\n}\n\n#uc_post_list_elementor_2b5b7a9 .uc_post_list_image div{\n  background-size:cover;\n  background-position:center;\n}\n\n.uc_post_list .uc_post_list_box{\n\tposition: relative;\n\toverflow: hidden;\n\tdisplay: flex;\n}\n\n#uc_post_list_elementor_2b5b7a9 .uc_post_list_image{\n  flex-grow:0;\n  flex-shrink:0;\n  overflow: hidden;\n}\n\n#uc_post_list_elementor_2b5b7a9 .uc_post_list_image img{\n  width:100%;\n  height:100%;\n  display:block;\n  transition:0.3s;  \n  position: relative;\n  z-index: 1;\n}\n\n.uc_post_list_title a{\n    position: relative;\n    z-index: 1;\n\tcolor: #333333;\n    display: block;\n}\n\n.uc_post_list_date{\n\tfont-size: 12px;\n}\n\n#uc_post_list_elementor_2b5b7a9 .uc_post_list_content{\n  display:flex;\n  flex-direction:column;\n  flex:1;\n}\n\n#uc_post_list_elementor_2b5b7a9 .uc_more_btn{\n  text-align:center;\n  text-decoration:none;\n  transition:0.3s;\n  position: relative;\n  z-index: 1;\n}\n\n#uc_post_list_elementor_2b5b7a9 .button-on-side{\n  display:flex;\n  align-items:center;\n}\n\n#uc_post_list_elementor_2b5b7a9 .ue-grid-item-category{\n  display: flex;\n  align-items: center;\n}\n\n.ue-grid-item-category a{\n  display:inline-block;\n  font-size:10px;\n  text-transform:uppercase;\n  white-space: nowrap;\n}\n\n#uc_post_list_elementor_2b5b7a9 .ue-meta-data{  \n  display:flex;\n  flex-wrap: wrap;\n  line-height:1em;\n}\n\n#uc_post_list_elementor_2b5b7a9 .ue-grid-item-meta-data{\n      display:inline-flex;\n      align-items:center;\n}\n\n.ue-grid-item-meta-data{\n  font-size:12px;\n}\n\n#uc_post_list_elementor_2b5b7a9 .ue-grid-item-meta-data-icon{\n  line-height:1em;\n}\n\n#uc_post_list_elementor_2b5b7a9 .ue-grid-item-meta-data-icon svg{\n  width:1em;\n  height:1em;\n} \n\n#uc_post_list_elementor_2b5b7a9 .ue-debug-meta{\n  padding:10px;\n  border:1px solid red;\n  position:relative;\n  line-height:1.5em;\n  font-size:11px;\n  width:100%;\n}\n\n.uc-remote-parent .uc_post_list_box{\n\tcursor:pointer;\n}\n\n#uc_post_list_elementor_2b5b7a9 .ue-post-link-overlay{\n  display:block;\n  position:absolute;\n  top:0;\n  bottom:0;\n  right:0;\n  left:0;\n}\n\n\n\n\n<\/style>\n\n<div class=\"uc_post_list uc-items-wrapper \" id=\"uc_post_list_elementor_2b5b7a9\"  >    \t\n  <div class=\"uc_post_list_box\" data-category=\"Fondazione Iris Ceramica Group\">\n  \n  \t    <div class=\"uc_post_list_image\">\n      <a href=\"https:\/\/fondazione.irisceramicagroup.com\/en\/progetti-fondazione\/semi-di-futuro\/\" target=\"_self\" title=\"Introducing the &quot;Seeds of Future&quot; project \u2013 growing together for the Planet\">\n          \n            <img loading=\"lazy\" decoding=\"async\" src=\"https:\/\/fondazione.irisceramicagroup.com\/wp-content\/uploads\/2025\/11\/semi-di-futuro-768x491.jpg\"  src=\"https:\/\/fondazione.irisceramicagroup.com\/wp-content\/uploads\/2025\/11\/semi-di-futuro-768x491.jpg\" alt=\"semi-di-futuro\" width=\"768\" height=\"491\">\n        \t        \n      <\/a>\n    <\/div>\n  \t\t\n  \n    <div class=\"uc_post_list_content\">\n      <div class=\"uc_post_list_content_inside\">\n        \n                \n             \n        <div class=\"uc_post_list_title\"><a target=\"_self\" href=\"https:\/\/fondazione.irisceramicagroup.com\/en\/progetti-fondazione\/semi-di-futuro\/\" title=\"Introducing the &quot;Seeds of Future&quot; project \u2013 growing together for the Planet\">Introducing the \"Seeds of Future\" project \u2013 growing together for the Planet<\/a><\/div>                 \n        <div class=\"ue-meta-data\">\n                 \n                \n            \n              \n              \n  \n      \n<\/div>      \n               \n        <div class=\"uc_post_content\">A project run with the Tuscan-Emilian Apennine National Park involving ten local schools assigned nurseries for growing tree species suitable for reforestation in the Apennines.<\/div>                          \n                \n      <\/div>\n    <\/div>\n     \n       \n  \n   <\/div>\n\n<\/div>\n\n  <div id=\"uc_post_list_elementor_2b5b7a9_empty_message\" class=\"ue-no-posts-found\"  style=\"display:none\" >No posts found<\/div>\n\n<!-- end Post List -->\t\t\t\t<\/div>\n\t\t\t\t<\/div>\n\t\t\t\t\t<\/div>\n\t\t\t\t<\/div>\n\t\t<div class=\"elementor-element elementor-element-c3d929f e-flex e-con-boxed e-con e-parent\" data-id=\"c3d929f\" data-element_type=\"container\" data-e-type=\"container\">\n\t\t\t\t\t<div class=\"e-con-inner\">\n\t\t\t\t<div class=\"elementor-element elementor-element-1107b70 elementor-widget elementor-widget-spacer\" data-id=\"1107b70\" data-element_type=\"widget\" data-e-type=\"widget\" data-widget_type=\"spacer.default\">\n\t\t\t\t\t\t\t<div class=\"elementor-spacer\">\n\t\t\t<div class=\"elementor-spacer-inner\"><\/div>\n\t\t<\/div>\n\t\t\t\t\t\t<\/div>\n\t\t\t\t\t<\/div>\n\t\t\t\t<\/div>\n\t\t\t\t<\/div>\n\t\t","protected":false},"excerpt":{"rendered":"<p>Sensibilizzare e coinvolgere le nuove generazioni in un progetto di cura del patrimonio ambientale. Coltivare e aiutare le foreste della Riserva di Biosfera a resistere agli effetti del cambiamento climatico per garantire alle generazioni presenti e future i benefici offerti dalla natura. Dalle foreste d\u2019Appennino ai vivai scolastici: un piccolo impegno per un grande futuro. [&hellip;]<\/p>\n","protected":false},"author":3,"featured_media":0,"parent":8646,"menu_order":0,"comment_status":"closed","ping_status":"closed","template":"","meta":{"_acf_changed":false,"give_campaign_id":0,"footnotes":""},"class_list":["post-8659","page","type-page","status-publish","hentry"],"acf":[],"yoast_head":"<!-- This site is optimized with the Yoast SEO plugin v27.4 - https:\/\/yoast.com\/product\/yoast-seo-wordpress\/ -->\n<title>Semi di Futuro - Fondazione Iris Ceramica Group<\/title>\n<meta name=\"robots\" content=\"index, follow, max-snippet:-1, max-image-preview:large, max-video-preview:-1\" \/>\n<link rel=\"canonical\" href=\"https:\/\/fondazione.irisceramicagroup.com\/en\/fondazione\/semi-di-futuro\/\" \/>\n<meta property=\"og:locale\" content=\"en_US\" \/>\n<meta property=\"og:type\" content=\"article\" \/>\n<meta property=\"og:title\" content=\"Semi di Futuro - Fondazione Iris Ceramica Group\" \/>\n<meta property=\"og:description\" content=\"Sensibilizzare e coinvolgere le nuove generazioni in un progetto di cura del patrimonio ambientale. Coltivare e aiutare le foreste della Riserva di Biosfera a resistere agli effetti del cambiamento climatico per garantire alle generazioni presenti e future i benefici offerti dalla natura. Dalle foreste d\u2019Appennino ai vivai scolastici: un piccolo impegno per un grande futuro. [&hellip;]\" \/>\n<meta property=\"og:url\" content=\"https:\/\/fondazione.irisceramicagroup.com\/en\/fondazione\/semi-di-futuro\/\" \/>\n<meta property=\"og:site_name\" content=\"Fondazione Iris Ceramica Group\" \/>\n<meta property=\"article:publisher\" content=\"https:\/\/www.facebook.com\/irisceramicagroup\/\" \/>\n<meta property=\"article:modified_time\" content=\"2026-02-12T10:40:55+00:00\" \/>\n<meta property=\"og:image\" content=\"https:\/\/icg2025.irisceramicagroup.com\/wp-content\/uploads\/2025\/12\/logo-semi-di-futuro-1920x463.png\" \/>\n<meta name=\"twitter:card\" content=\"summary_large_image\" \/>\n<meta name=\"twitter:site\" content=\"@IrisICG\" \/>\n<meta name=\"twitter:label1\" content=\"Est. reading time\" \/>\n\t<meta name=\"twitter:data1\" content=\"8 minutes\" \/>\n<script type=\"application\/ld+json\" class=\"yoast-schema-graph\">{\"@context\":\"https:\\\/\\\/schema.org\",\"@graph\":[{\"@type\":\"WebPage\",\"@id\":\"https:\\\/\\\/fondazione.irisceramicagroup.com\\\/en\\\/fondazione\\\/semi-di-futuro\\\/\",\"url\":\"https:\\\/\\\/fondazione.irisceramicagroup.com\\\/en\\\/fondazione\\\/semi-di-futuro\\\/\",\"name\":\"Semi di Futuro - Fondazione Iris Ceramica Group\",\"isPartOf\":{\"@id\":\"https:\\\/\\\/fondazione.irisceramicagroup.com\\\/en\\\/#website\"},\"primaryImageOfPage\":{\"@id\":\"https:\\\/\\\/fondazione.irisceramicagroup.com\\\/en\\\/fondazione\\\/semi-di-futuro\\\/#primaryimage\"},\"image\":{\"@id\":\"https:\\\/\\\/fondazione.irisceramicagroup.com\\\/en\\\/fondazione\\\/semi-di-futuro\\\/#primaryimage\"},\"thumbnailUrl\":\"https:\\\/\\\/icg2025.irisceramicagroup.com\\\/wp-content\\\/uploads\\\/2025\\\/12\\\/logo-semi-di-futuro-1920x463.png\",\"datePublished\":\"2025-12-16T12:57:39+00:00\",\"dateModified\":\"2026-02-12T10:40:55+00:00\",\"breadcrumb\":{\"@id\":\"https:\\\/\\\/fondazione.irisceramicagroup.com\\\/en\\\/fondazione\\\/semi-di-futuro\\\/#breadcrumb\"},\"inLanguage\":\"en-US\",\"potentialAction\":[{\"@type\":\"ReadAction\",\"target\":[\"https:\\\/\\\/fondazione.irisceramicagroup.com\\\/en\\\/fondazione\\\/semi-di-futuro\\\/\"]}]},{\"@type\":\"ImageObject\",\"inLanguage\":\"en-US\",\"@id\":\"https:\\\/\\\/fondazione.irisceramicagroup.com\\\/en\\\/fondazione\\\/semi-di-futuro\\\/#primaryimage\",\"url\":\"https:\\\/\\\/icg2025.irisceramicagroup.com\\\/wp-content\\\/uploads\\\/2025\\\/12\\\/logo-semi-di-futuro-1920x463.png\",\"contentUrl\":\"https:\\\/\\\/icg2025.irisceramicagroup.com\\\/wp-content\\\/uploads\\\/2025\\\/12\\\/logo-semi-di-futuro-1920x463.png\"},{\"@type\":\"BreadcrumbList\",\"@id\":\"https:\\\/\\\/fondazione.irisceramicagroup.com\\\/en\\\/fondazione\\\/semi-di-futuro\\\/#breadcrumb\",\"itemListElement\":[{\"@type\":\"ListItem\",\"position\":1,\"name\":\"Home\",\"item\":\"https:\\\/\\\/fondazione.irisceramicagroup.com\\\/en\\\/\"},{\"@type\":\"ListItem\",\"position\":2,\"name\":\"Home\",\"item\":\"https:\\\/\\\/fondazione.irisceramicagroup.com\\\/en\\\/\"},{\"@type\":\"ListItem\",\"position\":3,\"name\":\"Semi di Futuro\"}]},{\"@type\":\"WebSite\",\"@id\":\"https:\\\/\\\/fondazione.irisceramicagroup.com\\\/en\\\/#website\",\"url\":\"https:\\\/\\\/fondazione.irisceramicagroup.com\\\/en\\\/\",\"name\":\"IrisCeramicaGroup\",\"description\":\"\",\"publisher\":{\"@id\":\"https:\\\/\\\/fondazione.irisceramicagroup.com\\\/en\\\/#organization\"},\"potentialAction\":[{\"@type\":\"SearchAction\",\"target\":{\"@type\":\"EntryPoint\",\"urlTemplate\":\"https:\\\/\\\/fondazione.irisceramicagroup.com\\\/en\\\/?s={search_term_string}\"},\"query-input\":{\"@type\":\"PropertyValueSpecification\",\"valueRequired\":true,\"valueName\":\"search_term_string\"}}],\"inLanguage\":\"en-US\"},{\"@type\":\"Organization\",\"@id\":\"https:\\\/\\\/fondazione.irisceramicagroup.com\\\/en\\\/#organization\",\"name\":\"IrisCeramicaGroup\",\"url\":\"https:\\\/\\\/fondazione.irisceramicagroup.com\\\/en\\\/\",\"logo\":{\"@type\":\"ImageObject\",\"inLanguage\":\"en-US\",\"@id\":\"https:\\\/\\\/fondazione.irisceramicagroup.com\\\/en\\\/#\\\/schema\\\/logo\\\/image\\\/\",\"url\":\"https:\\\/\\\/fondazione.irisceramicagroup.com\\\/wp-content\\\/uploads\\\/2025\\\/07\\\/logo_fondazione.svg\",\"contentUrl\":\"https:\\\/\\\/fondazione.irisceramicagroup.com\\\/wp-content\\\/uploads\\\/2025\\\/07\\\/logo_fondazione.svg\",\"caption\":\"IrisCeramicaGroup\"},\"image\":{\"@id\":\"https:\\\/\\\/fondazione.irisceramicagroup.com\\\/en\\\/#\\\/schema\\\/logo\\\/image\\\/\"},\"sameAs\":[\"https:\\\/\\\/www.facebook.com\\\/irisceramicagroup\\\/\",\"https:\\\/\\\/x.com\\\/IrisICG\",\"https:\\\/\\\/www.youtube.com\\\/c\\\/IrisCeramicaGroup\",\"https:\\\/\\\/www.instagram.com\\\/irisceramicagroup\\\/\",\"https:\\\/\\\/www.linkedin.com\\\/company\\\/iris-ceramica-group\\\/\"]}]}<\/script>\n<!-- \/ Yoast SEO plugin. -->","yoast_head_json":{"title":"Semi di Futuro - Fondazione Iris Ceramica Group","robots":{"index":"index","follow":"follow","max-snippet":"max-snippet:-1","max-image-preview":"max-image-preview:large","max-video-preview":"max-video-preview:-1"},"canonical":"https:\/\/fondazione.irisceramicagroup.com\/en\/fondazione\/semi-di-futuro\/","og_locale":"en_US","og_type":"article","og_title":"Semi di Futuro - Fondazione Iris Ceramica Group","og_description":"Sensibilizzare e coinvolgere le nuove generazioni in un progetto di cura del patrimonio ambientale. Coltivare e aiutare le foreste della Riserva di Biosfera a resistere agli effetti del cambiamento climatico per garantire alle generazioni presenti e future i benefici offerti dalla natura. Dalle foreste d\u2019Appennino ai vivai scolastici: un piccolo impegno per un grande futuro. [&hellip;]","og_url":"https:\/\/fondazione.irisceramicagroup.com\/en\/fondazione\/semi-di-futuro\/","og_site_name":"Fondazione Iris Ceramica Group","article_publisher":"https:\/\/www.facebook.com\/irisceramicagroup\/","article_modified_time":"2026-02-12T10:40:55+00:00","og_image":[{"url":"https:\/\/icg2025.irisceramicagroup.com\/wp-content\/uploads\/2025\/12\/logo-semi-di-futuro-1920x463.png","type":"","width":"","height":""}],"twitter_card":"summary_large_image","twitter_site":"@IrisICG","twitter_misc":{"Est. reading time":"8 minutes"},"schema":{"@context":"https:\/\/schema.org","@graph":[{"@type":"WebPage","@id":"https:\/\/fondazione.irisceramicagroup.com\/en\/fondazione\/semi-di-futuro\/","url":"https:\/\/fondazione.irisceramicagroup.com\/en\/fondazione\/semi-di-futuro\/","name":"Semi di Futuro - Fondazione Iris Ceramica Group","isPartOf":{"@id":"https:\/\/fondazione.irisceramicagroup.com\/en\/#website"},"primaryImageOfPage":{"@id":"https:\/\/fondazione.irisceramicagroup.com\/en\/fondazione\/semi-di-futuro\/#primaryimage"},"image":{"@id":"https:\/\/fondazione.irisceramicagroup.com\/en\/fondazione\/semi-di-futuro\/#primaryimage"},"thumbnailUrl":"https:\/\/icg2025.irisceramicagroup.com\/wp-content\/uploads\/2025\/12\/logo-semi-di-futuro-1920x463.png","datePublished":"2025-12-16T12:57:39+00:00","dateModified":"2026-02-12T10:40:55+00:00","breadcrumb":{"@id":"https:\/\/fondazione.irisceramicagroup.com\/en\/fondazione\/semi-di-futuro\/#breadcrumb"},"inLanguage":"en-US","potentialAction":[{"@type":"ReadAction","target":["https:\/\/fondazione.irisceramicagroup.com\/en\/fondazione\/semi-di-futuro\/"]}]},{"@type":"ImageObject","inLanguage":"en-US","@id":"https:\/\/fondazione.irisceramicagroup.com\/en\/fondazione\/semi-di-futuro\/#primaryimage","url":"https:\/\/icg2025.irisceramicagroup.com\/wp-content\/uploads\/2025\/12\/logo-semi-di-futuro-1920x463.png","contentUrl":"https:\/\/icg2025.irisceramicagroup.com\/wp-content\/uploads\/2025\/12\/logo-semi-di-futuro-1920x463.png"},{"@type":"BreadcrumbList","@id":"https:\/\/fondazione.irisceramicagroup.com\/en\/fondazione\/semi-di-futuro\/#breadcrumb","itemListElement":[{"@type":"ListItem","position":1,"name":"Home","item":"https:\/\/fondazione.irisceramicagroup.com\/en\/"},{"@type":"ListItem","position":2,"name":"Home","item":"https:\/\/fondazione.irisceramicagroup.com\/en\/"},{"@type":"ListItem","position":3,"name":"Semi di Futuro"}]},{"@type":"WebSite","@id":"https:\/\/fondazione.irisceramicagroup.com\/en\/#website","url":"https:\/\/fondazione.irisceramicagroup.com\/en\/","name":"IrisCeramicaGroup","description":"","publisher":{"@id":"https:\/\/fondazione.irisceramicagroup.com\/en\/#organization"},"potentialAction":[{"@type":"SearchAction","target":{"@type":"EntryPoint","urlTemplate":"https:\/\/fondazione.irisceramicagroup.com\/en\/?s={search_term_string}"},"query-input":{"@type":"PropertyValueSpecification","valueRequired":true,"valueName":"search_term_string"}}],"inLanguage":"en-US"},{"@type":"Organization","@id":"https:\/\/fondazione.irisceramicagroup.com\/en\/#organization","name":"IrisCeramicaGroup","url":"https:\/\/fondazione.irisceramicagroup.com\/en\/","logo":{"@type":"ImageObject","inLanguage":"en-US","@id":"https:\/\/fondazione.irisceramicagroup.com\/en\/#\/schema\/logo\/image\/","url":"https:\/\/fondazione.irisceramicagroup.com\/wp-content\/uploads\/2025\/07\/logo_fondazione.svg","contentUrl":"https:\/\/fondazione.irisceramicagroup.com\/wp-content\/uploads\/2025\/07\/logo_fondazione.svg","caption":"IrisCeramicaGroup"},"image":{"@id":"https:\/\/fondazione.irisceramicagroup.com\/en\/#\/schema\/logo\/image\/"},"sameAs":["https:\/\/www.facebook.com\/irisceramicagroup\/","https:\/\/x.com\/IrisICG","https:\/\/www.youtube.com\/c\/IrisCeramicaGroup","https:\/\/www.instagram.com\/irisceramicagroup\/","https:\/\/www.linkedin.com\/company\/iris-ceramica-group\/"]}]}},"campaignId":"","_links":{"self":[{"href":"https:\/\/fondazione.irisceramicagroup.com\/en\/wp-json\/wp\/v2\/pages\/8659","targetHints":{"allow":["GET"]}}],"collection":[{"href":"https:\/\/fondazione.irisceramicagroup.com\/en\/wp-json\/wp\/v2\/pages"}],"about":[{"href":"https:\/\/fondazione.irisceramicagroup.com\/en\/wp-json\/wp\/v2\/types\/page"}],"author":[{"embeddable":true,"href":"https:\/\/fondazione.irisceramicagroup.com\/en\/wp-json\/wp\/v2\/users\/3"}],"replies":[{"embeddable":true,"href":"https:\/\/fondazione.irisceramicagroup.com\/en\/wp-json\/wp\/v2\/comments?post=8659"}],"version-history":[{"count":1,"href":"https:\/\/fondazione.irisceramicagroup.com\/en\/wp-json\/wp\/v2\/pages\/8659\/revisions"}],"predecessor-version":[{"id":8664,"href":"https:\/\/fondazione.irisceramicagroup.com\/en\/wp-json\/wp\/v2\/pages\/8659\/revisions\/8664"}],"up":[{"embeddable":true,"href":"https:\/\/fondazione.irisceramicagroup.com\/en\/wp-json\/wp\/v2\/pages\/8646"}],"wp:attachment":[{"href":"https:\/\/fondazione.irisceramicagroup.com\/en\/wp-json\/wp\/v2\/media?parent=8659"}],"curies":[{"name":"wp","href":"https:\/\/api.w.org\/{rel}","templated":true}]}}